{"id":3587,"date":"2025-07-30T11:38:23","date_gmt":"2025-07-30T11:38:23","guid":{"rendered":"https:\/\/congress.afwasa.org\/fr\/?page_id=3587"},"modified":"2025-08-06T13:05:11","modified_gmt":"2025-08-06T13:05:11","slug":"mot-du-president","status":"publish","type":"page","link":"https:\/\/congress.afwasa.org\/fr\/mot-du-president\/","title":{"rendered":"Mot du Pr\u00e9sident"},"content":{"rendered":"\t\t<div data-elementor-type=\"wp-post\" data-elementor-id=\"3587\" class=\"elementor elementor-3587\" data-elementor-post-type=\"page\">\n\t\t\t\t\t\t<section class=\"elementor-section elementor-top-section elementor-element elementor-element-1e99ae5a elementor-section-stretched elementor-section-height-min-height elementor-section-boxed elementor-section-height-default elementor-section-items-middle\" data-id=\"1e99ae5a\" data-element_type=\"section\" data-settings=\"{&quot;stretch_section&quot;:&quot;section-stretched&quot;,&quot;background_background&quot;:&quot;classic&quot;}\">\n\t\t\t\t\t\t\t<div class=\"elementor-background-overlay\"><\/div>\n\t\t\t\t\t\t\t<div class=\"elementor-container elementor-column-gap-no\">\n\t\t\t\t\t<div class=\"elementor-column elementor-col-100 elementor-top-column elementor-element elementor-element-65410ea5\" data-id=\"65410ea5\" data-element_type=\"column\">\n\t\t\t<div class=\"elementor-widget-wrap elementor-element-populated\">\n\t\t\t\t\t\t<section class=\"elementor-section elementor-inner-section elementor-element elementor-element-2325f3e5 elementor-section-content-middle elementor-section-boxed elementor-section-height-default elementor-section-height-default\" data-id=\"2325f3e5\" data-element_type=\"section\">\n\t\t\t\t\t\t<div class=\"elementor-container elementor-column-gap-default\">\n\t\t\t\t\t<div class=\"elementor-column elementor-col-100 elementor-inner-column elementor-element elementor-element-4146b3d3\" data-id=\"4146b3d3\" data-element_type=\"column\">\n\t\t\t<div class=\"elementor-widget-wrap elementor-element-populated\">\n\t\t\t\t\t\t<div class=\"elementor-element elementor-element-5d0c48b6 elementor-widget elementor-widget-heading\" data-id=\"5d0c48b6\" data-element_type=\"widget\" data-widget_type=\"heading.default\">\n\t\t\t\t<div class=\"elementor-widget-container\">\n\t\t\t\t\t<h2 class=\"elementor-heading-title elementor-size-default\">MOT DU PRESIDENT DU CONGRES, PRESIDENT DE L'AAEA<\/h2>\t\t\t\t<\/div>\n\t\t\t\t<\/div>\n\t\t\t\t\t<\/div>\n\t\t<\/div>\n\t\t\t\t\t<\/div>\n\t\t<\/section>\n\t\t\t\t\t<\/div>\n\t\t<\/div>\n\t\t\t\t\t<\/div>\n\t\t<\/section>\n\t\t<div class=\"elementor-element elementor-element-19287399 e-flex e-con-boxed e-con e-parent\" data-id=\"19287399\" data-element_type=\"container\" data-settings=\"{&quot;background_background&quot;:&quot;classic&quot;}\">\n\t\t\t\t\t<div class=\"e-con-inner\">\n\t\t\t\t<div class=\"elementor-element elementor-element-72c9cc2c elementor-widget elementor-widget-spacer\" data-id=\"72c9cc2c\" data-element_type=\"widget\" data-widget_type=\"spacer.default\">\n\t\t\t\t<div class=\"elementor-widget-container\">\n\t\t\t\t\t\t\t<div class=\"elementor-spacer\">\n\t\t\t<div class=\"elementor-spacer-inner\"><\/div>\n\t\t<\/div>\n\t\t\t\t\t\t<\/div>\n\t\t\t\t<\/div>\n\t\t<div class=\"elementor-element elementor-element-bba8401 e-con-full e-flex e-con e-child\" data-id=\"bba8401\" data-element_type=\"container\" data-settings=\"{&quot;background_background&quot;:&quot;classic&quot;}\">\n\t\t<div class=\"elementor-element elementor-element-58fe9ea e-con-full e-flex e-con e-child\" data-id=\"58fe9ea\" data-element_type=\"container\" data-settings=\"{&quot;background_background&quot;:&quot;classic&quot;}\">\n\t\t\t\t<div class=\"elementor-element elementor-element-20d6b38 elementor-position-top elementor-widget elementor-widget-image-box\" data-id=\"20d6b38\" data-element_type=\"widget\" data-widget_type=\"image-box.default\">\n\t\t\t\t<div class=\"elementor-widget-container\">\n\t\t\t\t\t<div class=\"elementor-image-box-wrapper\"><figure class=\"elementor-image-box-img\"><img fetchpriority=\"high\" decoding=\"async\" width=\"1024\" height=\"683\" src=\"https:\/\/congress.afwasa.org\/fr\/wp-content\/uploads\/2025\/07\/Blaise-MOUSSA.webp\" class=\"attachment-full size-full wp-image-3512\" alt=\"\" srcset=\"https:\/\/congress.afwasa.org\/fr\/wp-content\/uploads\/2025\/07\/Blaise-MOUSSA.webp 1024w, https:\/\/congress.afwasa.org\/fr\/wp-content\/uploads\/2025\/07\/Blaise-MOUSSA-300x200.webp 300w, https:\/\/congress.afwasa.org\/fr\/wp-content\/uploads\/2025\/07\/Blaise-MOUSSA-768x512.webp 768w\" sizes=\"(max-width: 1024px) 100vw, 1024px\" \/><\/figure><div class=\"elementor-image-box-content\"><h3 class=\"elementor-image-box-title\">Dr. Blaise MOUSSA<\/h3><p class=\"elementor-image-box-description\">Pr\u00e9sident de l'AAEA, - Directeur G\u00e9n\u00e9ral de la CAMWATER - Pr\u00e9sident du 23\u1d49 Congr\u00e8s<\/p><\/div><\/div>\t\t\t\t<\/div>\n\t\t\t\t<\/div>\n\t\t\t\t<div class=\"elementor-element elementor-element-1b9c7ec elementor-widget elementor-widget-text-editor\" data-id=\"1b9c7ec\" data-element_type=\"widget\" data-widget_type=\"text-editor.default\">\n\t\t\t\t<div class=\"elementor-widget-container\">\n\t\t\t\t\t\t\t\t\t<p>C\u2019est avec un immense honneur et une grande \u00e9motion que je vous souhaite la bienvenue au 23\u1d49 Congr\u00e8s International et Exposition de l\u2019Association Africaine de l\u2019Eau et de l\u2019Assainissement (AAEA), pr\u00e9vu du 9 au 13 f\u00e9vrier 2026 \u00e0 Yaound\u00e9, capitale du Cameroun et carrefour de l\u2019Afrique.<\/p><p>J\u2019exprime ma plus vive gratitude \u00e0 Son Excellence Paul BIYA, Pr\u00e9sident de la R\u00e9publique du Cameroun, pour avoir accord\u00e9 son Tr\u00e8s Haut Accord \u00e0 la tenue de cet \u00e9v\u00e9nement majeur \u00e0 Yaound\u00e9. Mes remerciements vont \u00e9galement \u00e0 l\u2019AAEA pour la confiance plac\u00e9e en notre pays, ainsi qu\u2019\u00e0 toutes les d\u00e9l\u00e9gations, partenaires et professionnels qui contribueront \u00e0 faire de cette rencontre un moment\u00a0<\/p>\t\t\t\t\t\t\t\t<\/div>\n\t\t\t\t<\/div>\n\t\t\t\t<\/div>\n\t\t<div class=\"elementor-element elementor-element-61eed4b e-con-full e-flex e-con e-child\" data-id=\"61eed4b\" data-element_type=\"container\" data-settings=\"{&quot;background_background&quot;:&quot;classic&quot;}\">\n\t\t\t\t<div class=\"elementor-element elementor-element-2d41b2a elementor-widget elementor-widget-text-editor\" data-id=\"2d41b2a\" data-element_type=\"widget\" data-widget_type=\"text-editor.default\">\n\t\t\t\t<div class=\"elementor-widget-container\">\n\t\t\t\t\t\t\t\t\t<p>historique pour notre continent. Votre engagement prouve que l\u2019eau n\u2019est pas qu\u2019une ressource : elle est un levier de solidarit\u00e9, d\u2019innovation et de transformation.<\/p><p>L\u2019Afrique est confront\u00e9e \u00e0 des d\u00e9fis majeurs en mati\u00e8re d\u2019eau et d\u2019assainissement : croissance d\u00e9mographique, changement climatique, urbanisation galopante, sous-financement chronique. Ce congr\u00e8s est une opportunit\u00e9 unique pour les affronter ensemble, avec d\u00e9termination, lucidit\u00e9 et ambition.<\/p><p>Le th\u00e8me \u00ab Eau et Assainissement pour tous : des actions fortes pour l\u2019Afrique \u00bb incarne cette volont\u00e9 de rupture. Il nous invite \u00e0 d\u00e9passer les constats pour passer \u00e0 l\u2019action, \u00e0 construire des coalitions solides en faveur de solutions durables, inclusives et concr\u00e8tes. Un dispositif rigoureux et ambitieux a \u00e9t\u00e9 mis en place. Gr\u00e2ce \u00e0 une mobilisation pr\u00e9coce des autorit\u00e9s, des partenaires publics et priv\u00e9s, ainsi que des institutions r\u00e9gionales et internationales, nous pr\u00e9parons un congr\u00e8s \u00e0 la fois scientifique, \u00e9conomique, culturel et profond\u00e9ment humain.<\/p><p>L\u2019exposition internationale, les forums d\u00e9di\u00e9s \u00e0 la jeunesse, aux start-ups, aux femmes et aux collectivit\u00e9s, les pl\u00e9ni\u00e8res de haut niveau et les ateliers techniques feront de Yaound\u00e9 2026 une plateforme panafricaine majeure d\u2019innovation et de coop\u00e9ration.<\/p><p>J\u2019en appelle solennellement \u00e0 tous les membres de l\u2019AAEA, aux \u00c9tats, aux op\u00e9rateurs du secteur, aux centres de recherche, ONG, investisseurs et m\u00e9dias : participez pleinement \u00e0 cette dynamique. L\u2019Afrique a besoin de vos talents, de votre audace et de votre vision.<\/p><p>Ensemble, faisons de Yaound\u00e9 2026 un jalon d\u00e9cisif vers l\u2019acc\u00e8s universel \u00e0 l\u2019eau et \u00e0 l\u2019assainissement. Ensemble, portons cette ambition partag\u00e9e au sommet des priorit\u00e9s du continent.<\/p>\t\t\t\t\t\t\t\t<\/div>\n\t\t\t\t<\/div>\n\t\t\t\t<\/div>\n\t\t\t\t<\/div>\n\t\t\t\t\t<\/div>\n\t\t\t\t<\/div>\n\t\t<div class=\"elementor-element elementor-element-d55aca0 e-flex e-con-boxed e-con e-parent\" data-id=\"d55aca0\" data-element_type=\"container\" data-settings=\"{&quot;background_background&quot;:&quot;classic&quot;}\">\n\t\t\t\t\t<div class=\"e-con-inner\">\n\t\t\t\t<div class=\"elementor-element elementor-element-b0da630 elementor-widget elementor-widget-spacer\" data-id=\"b0da630\" data-element_type=\"widget\" data-widget_type=\"spacer.default\">\n\t\t\t\t<div class=\"elementor-widget-container\">\n\t\t\t\t\t\t\t<div class=\"elementor-spacer\">\n\t\t\t<div class=\"elementor-spacer-inner\"><\/div>\n\t\t<\/div>\n\t\t\t\t\t\t<\/div>\n\t\t\t\t<\/div>\n\t\t\t\t\t<\/div>\n\t\t\t\t<\/div>\n\t\t\t\t<\/div>\n\t\t","protected":false},"excerpt":{"rendered":"<p>MOT DU PRESIDENT DU CONGRES, PRESIDENT DE L&#8217;AAEA Dr. Blaise MOUSSA Pr\u00e9sident de l&#8217;AAEA, &#8211; Directeur G\u00e9n\u00e9ral de la CAMWATER &#8211; Pr\u00e9sident du 23\u1d49 Congr\u00e8s C\u2019est avec un immense honneur et une grande \u00e9motion que je vous souhaite la bienvenue au 23\u1d49 Congr\u00e8s International et Exposition de l\u2019Association Africaine de l\u2019Eau et de l\u2019Assainissement (AAEA), [&hellip;]<\/p>\n","protected":false},"author":5,"featured_media":0,"parent":0,"menu_order":0,"comment_status":"closed","ping_status":"closed","template":"","meta":{"footnotes":""},"class_list":["post-3587","page","type-page","status-publish","hentry"],"_links":{"self":[{"href":"https:\/\/congress.afwasa.org\/fr\/wp-json\/wp\/v2\/pages\/3587","targetHints":{"allow":["GET"]}}],"collection":[{"href":"https:\/\/congress.afwasa.org\/fr\/wp-json\/wp\/v2\/pages"}],"about":[{"href":"https:\/\/congress.afwasa.org\/fr\/wp-json\/wp\/v2\/types\/page"}],"author":[{"embeddable":true,"href":"https:\/\/congress.afwasa.org\/fr\/wp-json\/wp\/v2\/users\/5"}],"replies":[{"embeddable":true,"href":"https:\/\/congress.afwasa.org\/fr\/wp-json\/wp\/v2\/comments?post=3587"}],"version-history":[{"count":40,"href":"https:\/\/congress.afwasa.org\/fr\/wp-json\/wp\/v2\/pages\/3587\/revisions"}],"predecessor-version":[{"id":3889,"href":"https:\/\/congress.afwasa.org\/fr\/wp-json\/wp\/v2\/pages\/3587\/revisions\/3889"}],"wp:attachment":[{"href":"https:\/\/congress.afwasa.org\/fr\/wp-json\/wp\/v2\/media?parent=3587"}],"curies":[{"name":"wp","href":"https:\/\/api.w.org\/{rel}","templated":true}]}}